{"version":"1.0","type":"rich","provider_name":"Portal de Zoologia de Pernambuco","provider_url":"http:\/\/www.portal.zoo.bio.br","title":"Urubus-de-cabe\u00e7a-preta","author_name":"Al\u00e9ssio F.","width":"600","height":"400","url":"https:\/\/portal.zoo.bio.br\/media816","html":"\u003Ch4 class='title'\u003E\u003Ca href='https:\/\/portal.zoo.bio.br\/media816'\u003EUrubus-de-cabe\u00e7a-preta\u003C\/a\u003E\u003C\/h4\u003E\u003Cblockquote class='spip'\u003E\n\u003Cp\u003EOs urubus s\u00e3o animais extraordin\u00e1rios! Estes da fotos s\u00e3o da esp\u00e9cie Coragyps atratus e s\u00e3o conhecidos como urubus-de-cabe\u00e7a-preta por motivos \u00f3bvios. Este bando estava se alimentando de uma carca\u00e7a de tartaruga-oliva (Lepidochelys olivacea) na praia de Tamandar\u00e9, litoral sul de Pernambuco, no dia 18 de julho de 2020. \n\u003Cbr class='autobr' \/\u003E\nOe urubus s\u00e3o animais necr\u00f3fagos e fornecem servi\u00e7os ecossist\u00eamicos inestim\u00e1veis, promovendo o fluxo de nutrientes nas redes alimentares e reduzindo a transmiss\u00e3o de doen\u00e7as infecciosas&nbsp;(...)\u003C\/p\u003E\n\u003C\/blockquote\u003E\n"}