{"version":"1.0","type":"rich","provider_name":"Portal de Zoologia de Pernambuco","provider_url":"http:\/\/www.portal.zoo.bio.br","title":"Sabi\u00e1-laranjeira","author_name":"Daniele Gon\u00e7alves","width":"600","height":"400","url":"https:\/\/portal.zoo.bio.br\/media1901","html":"\u003Ch4 class='title'\u003E\u003Ca href='https:\/\/portal.zoo.bio.br\/media1901'\u003ESabi\u00e1-laranjeira\u003C\/a\u003E\u003C\/h4\u003E\u003Cblockquote class='spip'\u003E\n\u003Cp\u003EO Sabi\u00e1-laranjeira \u00e9 considerada ave s\u00edmbolo do Brasil. \n\u003Cbr class='autobr' \/\u003E\nEm tupi, sabi\u00e1 significa \u201caquele que reza muito\u201d. De acordo com uma lenda ind\u00edgena, durante a madrugada e no in\u00edcio da primavera, quando uma crian\u00e7a ouve o canto do sabi\u00e1, ser\u00e1 aben\u00e7oada com muita paz, amor e felicidade. \n\u003Cbr class='autobr' \/\u003E\nEssa foto \u00e9 de um filhote de sabi\u00e1-laranjeira no ninho, esperando os pais para aliment\u00e1-lo. \n\u003Cbr class='autobr' \/\u003E\nC\u00e2mera: Nikon Coolpix L820.\n\u003Cbr class='autobr' \/\u003E\n Data:&nbsp;(...)\u003C\/p\u003E\n\u003C\/blockquote\u003E\n"}